{"id":38,"date":"2023-04-17T15:03:19","date_gmt":"2023-04-17T15:03:19","guid":{"rendered":"https:\/\/www.kban-festival-kusel.de\/?page_id=38"},"modified":"2023-04-19T20:08:20","modified_gmt":"2023-04-19T19:08:20","slug":"kontakt","status":"publish","type":"page","link":"https:\/\/www.kban-festival-kusel.de\/?page_id=38","title":{"rendered":"Impressum"},"content":{"rendered":"<h1><span id=\"Angaben_gemaess_5_Telemediengesetz_TMG\">Angaben gem\u00e4\u00df \u00a7 5 Telemediengesetz (TMG)<\/span><\/h1>\n<div id=\"toc_container\" class=\"toc_wrap_right toc_light_blue no_bullets contracted\">\n<p class=\"toc_title\">Kontaktstelle Holler e.V.<\/p>\n<\/div>\n<p>Berliner Str. 41<br \/>\n66869 Kusel<br \/>\nDeutschland<br \/>\n06381-40186<br \/>\nkontaktstelle_holler@freenet.de<br \/>\n<a href=\"http:\/\/www.kontaktstelle-holler.de\/\" target=\"_blank\" rel=\"noopener\">www.kontaktstelle-holler.de<\/a><\/p>\n<p>1. Vorsitzender: Gerhard Berndt<br \/>\n2. Vorsitzende: Heidrun R\u00fchmann<\/p>\n<p>Registergericht: Amtsgericht Kaiserslautern<br \/>\nRegisternummer: VR 21313<\/p>\n<p>Verantwortlicher f\u00fcr den Inhalt ist gem\u00e4\u00df \u00a7 55 Abs. 2 Rundfunkstaatsvertrag (RStV):<br \/>\nGerhard Berndt, Kontakt \u00fcber Kontaktstelle Holler e.V., siehe oben.<\/p>\n<p><a href=\"https:\/\/www.kban-festival-kusel.de\/?page_id=184\">Angaben zum Datenschutz<\/a><\/p>\n<h3><span id=\"Haftung_fuer_eigene_Inhalte\">Haftung f\u00fcr eigene Inhalte<\/span><\/h3>\n<p>Als Diensteanbieter sind wir gem\u00e4\u00df \u00a7 7 Abs.1 TMG f\u00fcr eigene Inhalte auf diesen Seiten verantwortlich. Wir \u00fcbernehmen jedoch keine Gew\u00e4hr daf\u00fcr, dass dieser Inhalt zu jedem Zeitpunkt richtig, vollst\u00e4ndig und aktuell ist und zudem noch gef\u00e4llt. Bei Bekanntwerden von Rechtsverletzungen werden wir die entsprechenden Inhalte umgehend entfernen.<\/p>\n<h3><span id=\"Haftung_fuer_Links\">Haftung f\u00fcr Links<\/span><\/h3>\n<p>Unsere Website enth\u00e4lt Links zu externen Webseiten Dritter, die von uns bei Erstellung und im Zuge der Pflege unserer Website \u00fcberpr\u00fcft wurden, aber auf deren Inhalte wir keinen Einfluss haben. Deshalb k\u00f6nnen wir f\u00fcr diese fremden Inhalte keine Gew\u00e4hr \u00fcbernehmen, da f\u00fcr die Inhalte der verlinkten Seiten stets der jeweilige Anbieter oder Betreiber der Seiten verantwortlich ist. Bei Bekanntwerden von Rechtsverletzungen werden wir die entsprechenden Links umgehend entfernen.<\/p>\n<h3><span id=\"Urheberrecht\">Urheberrecht<\/span><\/h3>\n<p>Die Inhalte und Bilder auf diesen Seiten unterliegen dem deutschen Urheberrecht. Die Vervielf\u00e4ltigung, Bearbeitung, Verbreitung und jede Art der Verwertung au\u00dferhalb der Grenzen des Urheberrechtes bed\u00fcrfen der schriftlichen Zustimmung des jeweiligen Autors bzw. Erstellers (wenn nicht anders gekennzeichnet: Kontaktstelle Holler e.V.) . Downloads und Kopien dieser Seite sind nur f\u00fcr den privaten, nicht kommerziellen Gebrauch gestattet.<br \/>\nSollten Sie auf eine Urheberrechtsverletzung aufmerksam werden, bitten wir um einen entsprechenden Hinweis. Bei Bekanntwerden von Rechtsverletzungen werden wir derartige Inhalte umgehend entfernen.<\/p>\n<p>Kusel, 01.06.2018<\/p>\n","protected":false},"excerpt":{"rendered":"<p>Angaben gem\u00e4\u00df \u00a7 5 Telemediengesetz (TMG) Kontaktstelle Holler e.V. Berliner Str. 41 66869 Kusel Deutschland 06381-40186 kontaktstelle_holler@freenet.de www.kontaktstelle-holler.de 1. Vorsitzender: Gerhard Berndt 2. Vorsitzende: Heidrun R\u00fchmann Registergericht: Amtsgericht Kaiserslautern Registernummer: VR 21313 Verantwortlicher f\u00fcr den Inhalt ist gem\u00e4\u00df \u00a7 55 &hellip; <a href=\"https:\/\/www.kban-festival-kusel.de\/?page_id=38\">Weiterlesen <span class=\"meta-nav\">&rarr;<\/span><\/a><\/p>\n","protected":false},"author":1,"featured_media":0,"parent":0,"menu_order":0,"comment_status":"closed","ping_status":"closed","template":"","meta":{"_mc_calendar":[],"footnotes":""},"class_list":["post-38","page","type-page","status-publish","hentry"],"yoast_head":"<!-- This site is optimized with the Yoast SEO plugin v27.4 - https:\/\/yoast.com\/product\/yoast-seo-wordpress\/ -->\n<title>Impressum - Kein Bock auf Nazis Festival Kusel<\/title>\n<meta name=\"robots\" content=\"index, follow, max-snippet:-1, max-image-preview:large, max-video-preview:-1\" \/>\n<link rel=\"canonical\" href=\"https:\/\/www.kban-festival-kusel.de\/?page_id=38\" \/>\n<meta property=\"og:locale\" content=\"de_DE\" \/>\n<meta property=\"og:type\" content=\"article\" \/>\n<meta property=\"og:title\" content=\"Impressum - Kein Bock auf Nazis Festival Kusel\" \/>\n<meta property=\"og:description\" content=\"Angaben gem\u00e4\u00df \u00a7 5 Telemediengesetz (TMG) Kontaktstelle Holler e.V. Berliner Str. 41 66869 Kusel Deutschland 06381-40186 kontaktstelle_holler@freenet.de www.kontaktstelle-holler.de 1. Vorsitzender: Gerhard Berndt 2. Vorsitzende: Heidrun R\u00fchmann Registergericht: Amtsgericht Kaiserslautern Registernummer: VR 21313 Verantwortlicher f\u00fcr den Inhalt ist gem\u00e4\u00df \u00a7 55 &hellip; Weiterlesen &rarr;\" \/>\n<meta property=\"og:url\" content=\"https:\/\/www.kban-festival-kusel.de\/?page_id=38\" \/>\n<meta property=\"og:site_name\" content=\"Kein Bock auf Nazis Festival Kusel\" \/>\n<meta property=\"article:publisher\" content=\"https:\/\/www.facebook.com\/profile.php?id=100057395113347\" \/>\n<meta property=\"article:modified_time\" content=\"2023-04-19T19:08:20+00:00\" \/>\n<meta name=\"twitter:card\" content=\"summary_large_image\" \/>\n<meta name=\"twitter:label1\" content=\"Gesch\u00e4tzte Lesezeit\" \/>\n\t<meta name=\"twitter:data1\" content=\"1\u00a0Minute\" \/>\n<script type=\"application\/ld+json\" class=\"yoast-schema-graph\">{\"@context\":\"https:\\\/\\\/schema.org\",\"@graph\":[{\"@type\":\"WebPage\",\"@id\":\"https:\\\/\\\/www.kban-festival-kusel.de\\\/?page_id=38\",\"url\":\"https:\\\/\\\/www.kban-festival-kusel.de\\\/?page_id=38\",\"name\":\"Impressum - Kein Bock auf Nazis Festival Kusel\",\"isPartOf\":{\"@id\":\"https:\\\/\\\/www.kban-festival-kusel.de\\\/#website\"},\"datePublished\":\"2023-04-17T15:03:19+00:00\",\"dateModified\":\"2023-04-19T19:08:20+00:00\",\"breadcrumb\":{\"@id\":\"https:\\\/\\\/www.kban-festival-kusel.de\\\/?page_id=38#breadcrumb\"},\"inLanguage\":\"de\",\"potentialAction\":[{\"@type\":\"ReadAction\",\"target\":[\"https:\\\/\\\/www.kban-festival-kusel.de\\\/?page_id=38\"]}]},{\"@type\":\"BreadcrumbList\",\"@id\":\"https:\\\/\\\/www.kban-festival-kusel.de\\\/?page_id=38#breadcrumb\",\"itemListElement\":[{\"@type\":\"ListItem\",\"position\":1,\"name\":\"Startseite\",\"item\":\"https:\\\/\\\/www.kban-festival-kusel.de\\\/\"},{\"@type\":\"ListItem\",\"position\":2,\"name\":\"Impressum\"}]},{\"@type\":\"WebSite\",\"@id\":\"https:\\\/\\\/www.kban-festival-kusel.de\\\/#website\",\"url\":\"https:\\\/\\\/www.kban-festival-kusel.de\\\/\",\"name\":\"Kein Bock auf Nazis Festival Kusel\",\"description\":\"Kein Bock auf Nazis Festival Kusel - Gemeinsam gegen rechts\",\"publisher\":{\"@id\":\"https:\\\/\\\/www.kban-festival-kusel.de\\\/#organization\"},\"potentialAction\":[{\"@type\":\"SearchAction\",\"target\":{\"@type\":\"EntryPoint\",\"urlTemplate\":\"https:\\\/\\\/www.kban-festival-kusel.de\\\/?s={search_term_string}\"},\"query-input\":{\"@type\":\"PropertyValueSpecification\",\"valueRequired\":true,\"valueName\":\"search_term_string\"}}],\"inLanguage\":\"de\"},{\"@type\":\"Organization\",\"@id\":\"https:\\\/\\\/www.kban-festival-kusel.de\\\/#organization\",\"name\":\"Kein Bock auf Nazis Festival Kusel\",\"url\":\"https:\\\/\\\/www.kban-festival-kusel.de\\\/\",\"logo\":{\"@type\":\"ImageObject\",\"inLanguage\":\"de\",\"@id\":\"https:\\\/\\\/www.kban-festival-kusel.de\\\/#\\\/schema\\\/logo\\\/image\\\/\",\"url\":\"https:\\\/\\\/www.kban-festival-kusel.de\\\/wp-content\\\/uploads\\\/2023\\\/04\\\/cropped-header.jpg\",\"contentUrl\":\"https:\\\/\\\/www.kban-festival-kusel.de\\\/wp-content\\\/uploads\\\/2023\\\/04\\\/cropped-header.jpg\",\"width\":1000,\"height\":370,\"caption\":\"Kein Bock auf Nazis Festival Kusel\"},\"image\":{\"@id\":\"https:\\\/\\\/www.kban-festival-kusel.de\\\/#\\\/schema\\\/logo\\\/image\\\/\"},\"sameAs\":[\"https:\\\/\\\/www.facebook.com\\\/profile.php?id=100057395113347\"]}]}<\/script>\n<!-- \/ Yoast SEO plugin. -->","yoast_head_json":{"title":"Impressum - Kein Bock auf Nazis Festival Kusel","robots":{"index":"index","follow":"follow","max-snippet":"max-snippet:-1","max-image-preview":"max-image-preview:large","max-video-preview":"max-video-preview:-1"},"canonical":"https:\/\/www.kban-festival-kusel.de\/?page_id=38","og_locale":"de_DE","og_type":"article","og_title":"Impressum - Kein Bock auf Nazis Festival Kusel","og_description":"Angaben gem\u00e4\u00df \u00a7 5 Telemediengesetz (TMG) Kontaktstelle Holler e.V. Berliner Str. 41 66869 Kusel Deutschland 06381-40186 kontaktstelle_holler@freenet.de www.kontaktstelle-holler.de 1. Vorsitzender: Gerhard Berndt 2. Vorsitzende: Heidrun R\u00fchmann Registergericht: Amtsgericht Kaiserslautern Registernummer: VR 21313 Verantwortlicher f\u00fcr den Inhalt ist gem\u00e4\u00df \u00a7 55 &hellip; Weiterlesen &rarr;","og_url":"https:\/\/www.kban-festival-kusel.de\/?page_id=38","og_site_name":"Kein Bock auf Nazis Festival Kusel","article_publisher":"https:\/\/www.facebook.com\/profile.php?id=100057395113347","article_modified_time":"2023-04-19T19:08:20+00:00","twitter_card":"summary_large_image","twitter_misc":{"Gesch\u00e4tzte Lesezeit":"1\u00a0Minute"},"schema":{"@context":"https:\/\/schema.org","@graph":[{"@type":"WebPage","@id":"https:\/\/www.kban-festival-kusel.de\/?page_id=38","url":"https:\/\/www.kban-festival-kusel.de\/?page_id=38","name":"Impressum - Kein Bock auf Nazis Festival Kusel","isPartOf":{"@id":"https:\/\/www.kban-festival-kusel.de\/#website"},"datePublished":"2023-04-17T15:03:19+00:00","dateModified":"2023-04-19T19:08:20+00:00","breadcrumb":{"@id":"https:\/\/www.kban-festival-kusel.de\/?page_id=38#breadcrumb"},"inLanguage":"de","potentialAction":[{"@type":"ReadAction","target":["https:\/\/www.kban-festival-kusel.de\/?page_id=38"]}]},{"@type":"BreadcrumbList","@id":"https:\/\/www.kban-festival-kusel.de\/?page_id=38#breadcrumb","itemListElement":[{"@type":"ListItem","position":1,"name":"Startseite","item":"https:\/\/www.kban-festival-kusel.de\/"},{"@type":"ListItem","position":2,"name":"Impressum"}]},{"@type":"WebSite","@id":"https:\/\/www.kban-festival-kusel.de\/#website","url":"https:\/\/www.kban-festival-kusel.de\/","name":"Kein Bock auf Nazis Festival Kusel","description":"Kein Bock auf Nazis Festival Kusel - Gemeinsam gegen rechts","publisher":{"@id":"https:\/\/www.kban-festival-kusel.de\/#organization"},"potentialAction":[{"@type":"SearchAction","target":{"@type":"EntryPoint","urlTemplate":"https:\/\/www.kban-festival-kusel.de\/?s={search_term_string}"},"query-input":{"@type":"PropertyValueSpecification","valueRequired":true,"valueName":"search_term_string"}}],"inLanguage":"de"},{"@type":"Organization","@id":"https:\/\/www.kban-festival-kusel.de\/#organization","name":"Kein Bock auf Nazis Festival Kusel","url":"https:\/\/www.kban-festival-kusel.de\/","logo":{"@type":"ImageObject","inLanguage":"de","@id":"https:\/\/www.kban-festival-kusel.de\/#\/schema\/logo\/image\/","url":"https:\/\/www.kban-festival-kusel.de\/wp-content\/uploads\/2023\/04\/cropped-header.jpg","contentUrl":"https:\/\/www.kban-festival-kusel.de\/wp-content\/uploads\/2023\/04\/cropped-header.jpg","width":1000,"height":370,"caption":"Kein Bock auf Nazis Festival Kusel"},"image":{"@id":"https:\/\/www.kban-festival-kusel.de\/#\/schema\/logo\/image\/"},"sameAs":["https:\/\/www.facebook.com\/profile.php?id=100057395113347"]}]}},"_links":{"self":[{"href":"https:\/\/www.kban-festival-kusel.de\/index.php?rest_route=\/wp\/v2\/pages\/38","targetHints":{"allow":["GET"]}}],"collection":[{"href":"https:\/\/www.kban-festival-kusel.de\/index.php?rest_route=\/wp\/v2\/pages"}],"about":[{"href":"https:\/\/www.kban-festival-kusel.de\/index.php?rest_route=\/wp\/v2\/types\/page"}],"author":[{"embeddable":true,"href":"https:\/\/www.kban-festival-kusel.de\/index.php?rest_route=\/wp\/v2\/users\/1"}],"replies":[{"embeddable":true,"href":"https:\/\/www.kban-festival-kusel.de\/index.php?rest_route=%2Fwp%2Fv2%2Fcomments&post=38"}],"version-history":[{"count":8,"href":"https:\/\/www.kban-festival-kusel.de\/index.php?rest_route=\/wp\/v2\/pages\/38\/revisions"}],"predecessor-version":[{"id":206,"href":"https:\/\/www.kban-festival-kusel.de\/index.php?rest_route=\/wp\/v2\/pages\/38\/revisions\/206"}],"wp:attachment":[{"href":"https:\/\/www.kban-festival-kusel.de\/index.php?rest_route=%2Fwp%2Fv2%2Fmedia&parent=38"}],"curies":[{"name":"wp","href":"https:\/\/api.w.org\/{rel}","templated":true}]}}