{"id":184,"date":"2023-04-19T06:25:49","date_gmt":"2023-04-19T05:25:49","guid":{"rendered":"https:\/\/www.kban-festival-kusel.de\/?page_id=184"},"modified":"2023-04-19T06:33:21","modified_gmt":"2023-04-19T05:33:21","slug":"datenschutz","status":"publish","type":"page","link":"https:\/\/www.kban-festival-kusel.de\/?page_id=184","title":{"rendered":"Datenschutz"},"content":{"rendered":"<p>Datenschutzerkl\u00e4rung gem\u00e4\u00df der DSGVO<\/p>\n<h3><span id=\"1_Grundsaetze_der_Datenverarbeitung_personenbezogener_Daten\">1. Grunds\u00e4tze der Datenverarbeitung personenbezogener Daten<\/span><\/h3>\n<div id=\"toc_container\" class=\"toc_wrap_right toc_light_blue no_bullets contracted\">\n<p class=\"toc_title\">Personenbezogene Daten sind alle Informationen, die sich auf eine identifizierte oder identifizierbare nat\u00fcrliche Person beziehen resp. die \u2013 mit zumutbarem Aufwand \u2013 eindeutige R\u00fcckschl\u00fcsse auf eine nat\u00fcrliche Person zulassen. Das Erheben, Speicherung und Verarbeitung von personenbezogenen Daten bedarf immer einer gesetzlichen Grundlage oder Ihrer Einwilligung. Verarbeitete personenbezogene Daten werden gel\u00f6scht, sobald der Zweck der Verarbeitung erreicht wurde und keine gesetzlich vorgeschriebenen Aufbewahrungspflichten mehr zu wahren sind.<\/p>\n<\/div>\n<p>Im Folgenden erl\u00e4utern wir, wer f\u00fcr diese Website verantwortlich ist (Kap 2), auf welcher Grundlage (Kap. 3) und zu welchem Zweck (Kap. 4) welche Daten (Kap. 5 und 8) auf dieser Website gesammelt werden, wie wir mit den Daten umgehen (Kap. 6), an wen wir sie weitergeben (Kap. 7) und welche Rechte Sie haben (Kap. 9).<\/p>\n<h3><span id=\"2_Angaben_zu_unserem_Verein\">2 Angaben zu unserem Verein<\/span><\/h3>\n<pre>Kontaktstelle Holler e.V. \r\nBerliner Str. 41 66869 Kusel Deutschland \r\nE-Mail: kontaktstelle_holler@freenet.de \r\nRegistergericht: Amtsgericht Kaiserslautern\r\nRegisternummer: VR 21313\r\n\t\r\nVerantwortlicher f\u00fcr den Datenschutz: \r\nGerhard Berndt, Ringstrasse 11, 66869 Kusel \r\nTelefon in der Kontaktstelle: 06381-40186 \r\nE-Mail: kontaktstelle_holler@freenet.de \r\n<\/pre>\n<h3><span id=\"3_Rechtsgrundlagen\">3 Rechtsgrundlagen<\/span><\/h3>\n<p>Die gesetzlichen Grundlagen sind in Art.6 Abs.1 der DSGVO verankert. F\u00fcr uns sind nachfolgende Abschnitte von besonderer Bedeutung:<\/p>\n<div>E-Mail- und Internetangebote \u2013 Art.6 Abs.1 lit.a DSGVO<\/div>\n<p>Hierauf beziehen wir uns bei der Verarbeitung Ihrer personenbezogenen Daten, f\u00fcr die eine gesonderte Einwilligung erfoderlich ist. Dies ist z.B. der Fall bei kostenfreien Angeboten wie eine Anfrage per Webformular<br \/>\n<strong>Rund um Vertr\u00e4ge \u2013 Art.6 Abs.1 lit.b DSGVO<\/strong><br \/>\nHierauf beziehen wir uns bei der Verarbeitung Ihrer personenbezogenen Daten im Zuge eines Vertrags.<\/p>\n<div><\/div>\n<div>Rechtliche Verpflichtungen \u2013 Art.6 Abs.1 lit.c DSGVO<\/div>\n<p>Dies ist die Grundlage f\u00fcr unsere Verarbeitung personenbezogener Daten zur Erf\u00fcllung rechtlicher Verpflichtungen, z.B. hinsichtlich gesetzlicher Aufbewahrungsfristen.<\/p>\n<div><\/div>\n<div>Berechtigte Interessen \u2013 Art.6 Abs.1 lit.f DSGVO<\/div>\n<p>Ist die Verarbeitung zur Wahrung eines berechtigten Interesses unseres Vereins oder eines Dritten erforderlich und \u00fcberwiegen Ihre Interessen, Grundrechte und Grundfreiheiten unser eigenes Interesse nicht, so dient als Rechtsgrundlage f\u00fcr die Verarbeitung Art.6 Abs.1 lit.f DSGVO.<\/p>\n<h3><span id=\"4_Warum_wir_personenbezogenen_Daten_erheben_und_nutzen_Zweck\">4 Warum wir personenbezogenen Daten erheben und nutzen (Zweck)<\/span><\/h3>\n<p>Die personenbezogenen Daten, die uns \u00fcberlassen werden und f\u00fcr die Sie Ihre Einwilligung erteilt haben, verwenden wir ausschlie\u00dflich f\u00fcr interne Zwecke resp. f\u00fcr unsere Au\u00dfendarstellung im Sinne unserer Vereinsarbeit.<\/p>\n<h3><span id=\"5_Welche_personenbezogenen_Daten_werden_erhoben_und_genutzt\">5 Welche personenbezogenen Daten werden erhoben und genutzt?<\/span><\/h3>\n<p>Auf dieser Website erheben wir die nachfolgend n\u00e4her beschriebenen personenbezogenen Daten, als da sind u.a.:<\/p>\n<ul>\n<li><\/li>\n<li>IP-Adresse (partiell anonymisiert) und damit zusammenh\u00e4ngende Informationen<\/li>\n<li>E-Mail-Adresse und\/oder Telefonnummer<\/li>\n<li>Name (optional)<\/li>\n<li>Einwilligungen<\/li>\n<li>Adresse und weitere personenbezogenen Daten (freiwillig)<\/li>\n<li><\/li>\n<\/ul>\n<p>Details entnehmen Sie bitte Kap. 8.<\/p>\n<h3><span id=\"6_Datenspeicherung_und_Datenloeschung\">6 Datenspeicherung und Datenl\u00f6schung<\/span><\/h3>\n<h4><span id=\"61_Generelle_Aufbewahrungszeiten\">6.1 Generelle Aufbewahrungszeiten<\/span><\/h4>\n<p>Die personenbezogenen Daten werden gespeichert und in Folge gel\u00f6scht, sobald der Zweck der Speicherung entf\u00e4llt und sofern kein vertragsrelevanter Prozess daraus entstanden ist, der gegebenenfalls mit entsprechenden gesetzlichen Aufbewahrungspflichten verbunden ist.<\/p>\n<h4><span id=\"62_Widerspruch-_und_Beseitigungsmoeglichkeit\">6.2 Widerspruch- und Beseitigungsm\u00f6glichkeit<\/span><\/h4>\n<p>Daten werden innerhalb von 4 Wochen gel\u00f6scht, nachdem von Ihrer Seite Widerspruch gegen Speicherung und Nutzung ihrer Daten eingelegt wurde resp. Ihre Einwilligung zur\u00fcckgezogen wurde und dem L\u00f6schen keine gesetzlichen Vorgaben entgegenstehen. Ebenfalls k\u00f6nnen Sie Ihre personenbezogenen gespeicherten Daten jederzeit ab\u00e4ndern lassen.<br \/>\nBitte nutzen Sie hierf\u00fcr die in Kap. 1 angegebenen Kontakm\u00f6glichkeiten.<\/p>\n<h3><span id=\"7_An_wen_werden_personenbezogenen_Daten_weitergegeben\">7 An wen werden personenbezogenen Daten weitergegeben?<\/span><\/h3>\n<p>Ihre Daten geben wir nicht weiter, es sei denn Sie haben eingewilligt bzw. es bestehen gesetzliche Vorgaben.<\/p>\n<h3><span id=\"8_Besondere_Hinweise_und_detaillierte_Erklaerungen_zur_Nutzung_unserer_Website\">8 Besondere Hinweise und detaillierte Erkl\u00e4rungen zur Nutzung unserer Website<\/span><\/h3>\n<h4><span id=\"81_Bereitstellung_der_Website_und_Erstellung_von_Logfiles\">8.1 Bereitstellung der Website und Erstellung von Logfiles<\/span><\/h4>\n<h5><span id=\"811_Beschreibung_und_Umfang_der_Datenverarbeitung\">8.1.1 Beschreibung und Umfang der Datenverarbeitung<\/span><\/h5>\n<p>Bei jedem Aufruf unserer Internetseite erfasst das System automatisiert Daten und Informationen vom Computersystem des aufrufenden Rechners. Folgende Daten werden hierbei erhoben und in Logfiles abgespeichert:<\/p>\n<ul>\n<li><span class=\"fontstyle0\">Browsertyp und Browserversion<\/span><\/li>\n<li><span class=\"fontstyle0\">verwendetes Betriebssystem<\/span><\/li>\n<li><span class=\"fontstyle0\">Referrer URL<\/span><\/li>\n<li><span class=\"fontstyle0\">Hostname des zugreifenden Rechners<\/span><\/li>\n<li><span class=\"fontstyle0\">Uhrzeit der Serveranfrage<\/span><\/li>\n<li><span class=\"fontstyle0\">IP-Adresse<\/span><\/li>\n<\/ul>\n<p>Diese Logfiles werden von uns NICHT ausgewertet. Eine Zusammenf\u00fchrung mit anderen personenbezogenen Daten des Nutzers findet NICHT statt.\u00a0<span class=\"fontstyle0\">Die IP-Adresse wird gespeichert und innerhalb von 24 Stunden anonymisiert.<\/span><\/p>\n<h5><span id=\"812_Rechtsgrundlage\">8.1.2 Rechtsgrundlage<\/span><\/h5>\n<p>Rechtsgrundlage f\u00fcr die vor\u00fcbergehende Speicherung der Daten und der Logfiles ist Art.6 Abs.1 lit.f DSGVO.<\/p>\n<h5><span id=\"813_Zweck_der_Datenverarbeitung\">8.1.3 Zweck der Datenverarbeitung<\/span><\/h5>\n<p>Die vor\u00fcbergehende Speicherung der IP-Adresse und verwandeter Daten durch das System ist notwendig, um eine Auslieferung der Website an den Rechner des Nutzers zu erm\u00f6glichen. Hierf\u00fcr muss die IP-Adresse des Nutzers f\u00fcr die Dauer der Sitzung gespeichert bleiben.<\/p>\n<h5><span id=\"814_Dauer_der_Speicherung_Widerspruchs-_und_Beseitigungsmoeglichkeit\">8.1.4 Dauer der Speicherung, Widerspruchs- und Beseitigungsm\u00f6glichkeit<\/span><\/h5>\n<p>Die Erfassung der Daten zur Bereitstellung der Website und die Speicherung der Daten in Logfiles ist f\u00fcr den Betrieb der Internetseite erforderlich. Es besteht seitens des Nutzers keine Widerspruchsm\u00f6glichkeit gegen die grunds\u00e4tzliche ver\u00fcbergehende Erfassung.<\/p>\n<h4><span id=\"82_Verwendung_von_Cookies\">8.2 Verwendung von Cookies<\/span><\/h4>\n<h5><span id=\"821_Beschreibung_und_Umfang_der_Datenverarbeitung\">8.2.1 Beschreibung und Umfang der Datenverarbeitung<\/span><\/h5>\n<p>Bei Cookies handelt es sich um Textdateien, die im Internetbrowser bzw. vom Internetbrowser auf dem Computersystem des Nutzers gespeichert werden. Ruft ein Nutzer eine Website auf, so kann ein Cookie auf dem Betriebssystem des Nutzers gespeichert werden. Dieser Cookie enth\u00e4lt eine charakteristische Zeichenfolge, die eine eindeutige Identifizierung des Browsers beim erneuten Aufrufen der Website erm\u00f6glicht.Das Setzen von Cookies ist technisch notwendig und erm\u00f6glicht eine bequeme und anwenderspezifische Benutzung unserer Webseite.<\/p>\n<p>Wir verwenden keine Plugins ein, die Cookies zu Tracking- oder analytischen Zwecken setzt.<\/p>\n<h5><span id=\"822_Rechtsgrundlage\">8.2.2 Rechtsgrundlage<\/span><\/h5>\n<p>Die Rechtsgrundlage f\u00fcr die Verarbeitung personenbezogener Daten unter Verwendung von Cookies ist Art. 6 Abs. 1 lit. f DSGVO.<\/p>\n<h5><span id=\"823_Zweck_der_Datenverarbeitung\">8.2.3 Zweck der Datenverarbeitung<\/span><\/h5>\n<p>Der Zweck der Verwendung technisch notwendiger Cookies ist die Nutzung von Websites zu vereinfachen.<\/p>\n<h5><span id=\"824_Dauer_der_Speicherung_Widerspruchs-_und_Beseitigungsmoeglichkeit\">8.2.4 Dauer der Speicherung, Widerspruchs- und Beseitigungsm\u00f6glichkeit<\/span><\/h5>\n<p>Sie k\u00f6nnen Cookies in den Konfigurationseinstellungen Ihres Browsers kontrollieren und gegebenenfalls deaktivieren. Dies kann Auswirkungen auf die komfortable Bedienung der Webseite haben.<\/p>\n<h4><span id=\"83_Hyperlinks\">8.3 Hyperlinks<\/span><\/h4>\n<p>Auf unserer Webseite befinden sich sog. Hyperlinks zu Webseiten anderer Anbieter. Bei Aktivierung dieser Hyperlinks werden Sie von unserer Webseite direkt auf die Webseite der anderen Anbieter weitergeleitet. Sie erkennen dies u. a. am Wechsel der URL. Wir k\u00f6nnen keine Verantwortung f\u00fcr den vertraulichen Umgang Ihrer Daten auf diesen Webseiten Dritter \u00fcbernehmen, da wir keinen Einfluss darauf haben, dass diese Unternehmen die Datenschutzbestimmungen einhalten. \u00dcber den Umgang mit Ihren personenbezogenen Daten durch diese Unternehmen informieren Sie sich bitte direkt auf diesen Webseiten.<\/p>\n<h4><span id=\"85_Kontaktformular_und_E-Mail-Kontakt\">8.5 Kontaktformular und E-Mail-Kontakt<\/span><\/h4>\n<h5><span id=\"851_Beschreibung_und_Umfang_der_Datenverarbeitung\">8.5.1 Beschreibung und Umfang der Datenverarbeitung<\/span><\/h5>\n<p>Derzeit ist eine Kontaktaufnahme nur \u00fcber eine E-Mail-Adresse m\u00f6glich. In diesem Fall werden Ihre mit der E-Mail \u00fcbermittelten personenbezogenen Daten auf userem B\u00fcro-PC gespeichert, bis Ihre Anfrage gekl\u00e4rt ist.<\/p>\n<h5><span id=\"852_Rechtsgrundlage_fuer_die_Datenverarbeitung\">8.5.2 Rechtsgrundlage f\u00fcr die Datenverarbeitung<\/span><\/h5>\n<p>Rechtsgrundlage f\u00fcr die Verarbeitung der Daten, die im Zuge einer \u00dcbersendung einer E-Mail \u00fcbermittelt werden, ist Art.6 Abs.1 lit.f DSGVO. Zielt der E-Mail-Kontakt auf den Abschluss eines Vertrages ab, so ist zus\u00e4tzliche Rechtsgrundlage f\u00fcr die Verarbeitung Art.6 Abs.1 lit.b DSGVO.<\/p>\n<div id=\"facebook\">\n<h4><span id=\"86_Soziale_Medien_8211_Facebook\">8.6 Soziale Medien \u2013 Facebook<\/span><\/h4>\n<p>Wir machen Sie darauf aufmerksam, dass, wenn Sie unsere Facebook-Seite(n) besuchen, personenbezogene Daten von Facebook erhoben werden k\u00f6nnen und die Datenschutzbestimmungen von Facebook gelten. Auf die Technologie und die Datenschutzbestimmungen von Facebook (<a href=\"https:\/\/de-de.facebook.com\/privacy\/explanation\" target=\"_blank\" rel=\"noopener\">https:\/\/de-de.facebook.com\/privacy\/explanation<\/a>) haben wir keinen Einfluss. Wenn Sie damit nicht einverstanden sind, verzichten Sie bitte auf den Besuch unserer Facebook-Seite(n).<\/p>\n<p>Wir weisen Sie darauf hin, dass das Nutzerverhalten der Besucher unserer Facebook-Seite(n) von Facebook getrackt und aufbereitet wird und uns in den sog. \u201cSeiten-Insights\u201d zur Verf\u00fcgung gestellt wird. Die gemeinsame Verantwortlichkeiten von uns als Seitenbetreiber und Facebook als Technologie-Anbieter wird in diesem Addendum erl\u00e4utert:\u00a0<a href=\"https:\/\/www.facebook.com\/legal\/terms\/page_controller_addendum\" target=\"_blank\" rel=\"noopener\">https:\/\/www.facebook.com\/legal\/terms\/page_controller_addendum<\/a>.<\/p>\n<p>Die prim\u00e4re Verantwortung gem\u00e4\u00df DSGVO f\u00fcr die Verarbeitung von Insights-Daten \u00fcbernimmt Facebook. Facebook erf\u00fcllt s\u00e4mtliche Pflichten aus der DSGVO im Hinblick auf die Verarbeitung von Insights-Daten. Betroffenenrechte hinsichtlich der DSGVO k\u00f6nnen bei Facebook Ireland sowie bei uns (Ansprechpartner s.o.) geltend gemacht werden.<\/p>\n<p>Von unserer Website f\u00fchren lediglich HTML-Links zu unseren Facebook-Seiten, es werden keinerlei Plugins verwendet wie \u201cLike\u201d-Buttons, Feeder oder Pixel. Umgekehrt verwenden wir auf Facebook ebenfalls nur Links auf unsere Homepage.<\/p>\n<\/div>\n<h3><span id=\"9_Ihre_Rechte_kurz_zusammengefasst\">9 Ihre Rechte kurz zusammengefasst<\/span><\/h3>\n<p>Im Falle einer Kontaktaufnahme per E-Mail liegt hieran auch das erforderliche berechtigte Interesse an der Verarbeitung der Daten.<br \/>\nDie DSGVO erteilt Ihnen als Nutzer unserer Website oder als Kunde umfassende Rechte:<\/p>\n<ul>\n<li>Recht auf Auskunft \u00fcber die Art und Verarbeitungsweise Ihrer personenbezogenen Daten inkl. \u00dcbermittlung in Drittl\u00e4nder (Art.15 DSGVO)<\/li>\n<li>Recht auf Berichtigung von falschen, unrichtigen oder unvollst\u00e4ndigen personenbezogenen Daten (Art.16 DSGVO)<\/li>\n<li>Recht auf Einschr\u00e4nkung der Verarbeitung (Art.18 DSGVO)<\/li>\n<li>Recht auf L\u00f6schung der personenbezogenen Daten, wenn sie nicht l\u00e4nger ben\u00f6tigt werden oder ihre Verarbeitung unrechtm\u00e4\u00dfig ist (Art.17 DSGVO)<\/li>\n<li>Recht auf Widerspruch gegen die Verarbeitung Ihrer personenbezogenen Daten zu Vermarktungszwecken oder aus Gr\u00fcnden, die sich aus Ihrer besonderen Situation ergeben (Art.21 DSGVO)<\/li>\n<li>Recht auf den Erhalt Ihrer personenbezogenen Daten in einem maschinenlesbaren Format und auf \u00dcbermittlung dieser Daten an einen anderen Verantwortlichen (\u201eDaten\u00fcbertragbarkeit\u201c) (Art.20 DSGVO)<\/li>\n<\/ul>\n<p>Details finden Sie auch und auf den Seiten der Bundesbeauftragten f\u00fcr den Datenschutz und Informationsfreiheit BFDI<\/p>\n<p><a href=\"https:\/\/www.bfdi.bund.de\/DE\/Datenschutz\/Ueberblick\/MeineRechte\/MeineRechte_node.html\" target=\"_blank\" rel=\"noopener\">https:\/\/www.bfdi.bund.de\/DE\/Datenschutz\/Ueberblick\/MeineRechte\/MeineRechte_node.html<\/a><\/p>\n<p>Aktualisiert: 06.06.2018<\/p>\n","protected":false},"excerpt":{"rendered":"<p>Datenschutzerkl\u00e4rung gem\u00e4\u00df der DSGVO 1. Grunds\u00e4tze der Datenverarbeitung personenbezogener Daten Personenbezogene Daten sind alle Informationen, die sich auf eine identifizierte oder identifizierbare nat\u00fcrliche Person beziehen resp. die \u2013 mit zumutbarem Aufwand \u2013 eindeutige R\u00fcckschl\u00fcsse auf eine nat\u00fcrliche Person zulassen. Das &hellip; <a href=\"https:\/\/www.kban-festival-kusel.de\/?page_id=184\">Weiterlesen <span class=\"meta-nav\">&rarr;<\/span><\/a><\/p>\n","protected":false},"author":1,"featured_media":0,"parent":0,"menu_order":0,"comment_status":"closed","ping_status":"closed","template":"","meta":{"_mc_calendar":[],"footnotes":""},"class_list":["post-184","page","type-page","status-publish","hentry"],"yoast_head":"<!-- This site is optimized with the Yoast SEO plugin v27.4 - https:\/\/yoast.com\/product\/yoast-seo-wordpress\/ -->\n<title>Datenschutz - Kein Bock auf Nazis Festival Kusel<\/title>\n<meta name=\"robots\" content=\"index, follow, max-snippet:-1, max-image-preview:large, max-video-preview:-1\" \/>\n<link rel=\"canonical\" href=\"https:\/\/www.kban-festival-kusel.de\/?page_id=184\" \/>\n<meta property=\"og:locale\" content=\"de_DE\" \/>\n<meta property=\"og:type\" content=\"article\" \/>\n<meta property=\"og:title\" content=\"Datenschutz - Kein Bock auf Nazis Festival Kusel\" \/>\n<meta property=\"og:description\" content=\"Datenschutzerkl\u00e4rung gem\u00e4\u00df der DSGVO 1. Grunds\u00e4tze der Datenverarbeitung personenbezogener Daten Personenbezogene Daten sind alle Informationen, die sich auf eine identifizierte oder identifizierbare nat\u00fcrliche Person beziehen resp. die \u2013 mit zumutbarem Aufwand \u2013 eindeutige R\u00fcckschl\u00fcsse auf eine nat\u00fcrliche Person zulassen. Das &hellip; Weiterlesen &rarr;\" \/>\n<meta property=\"og:url\" content=\"https:\/\/www.kban-festival-kusel.de\/?page_id=184\" \/>\n<meta property=\"og:site_name\" content=\"Kein Bock auf Nazis Festival Kusel\" \/>\n<meta property=\"article:publisher\" content=\"https:\/\/www.facebook.com\/profile.php?id=100057395113347\" \/>\n<meta property=\"article:modified_time\" content=\"2023-04-19T05:33:21+00:00\" \/>\n<meta name=\"twitter:card\" content=\"summary_large_image\" \/>\n<meta name=\"twitter:label1\" content=\"Gesch\u00e4tzte Lesezeit\" \/>\n\t<meta name=\"twitter:data1\" content=\"7\u00a0Minuten\" \/>\n<script type=\"application\/ld+json\" class=\"yoast-schema-graph\">{\"@context\":\"https:\\\/\\\/schema.org\",\"@graph\":[{\"@type\":\"WebPage\",\"@id\":\"https:\\\/\\\/www.kban-festival-kusel.de\\\/?page_id=184\",\"url\":\"https:\\\/\\\/www.kban-festival-kusel.de\\\/?page_id=184\",\"name\":\"Datenschutz - Kein Bock auf Nazis Festival Kusel\",\"isPartOf\":{\"@id\":\"https:\\\/\\\/www.kban-festival-kusel.de\\\/#website\"},\"datePublished\":\"2023-04-19T05:25:49+00:00\",\"dateModified\":\"2023-04-19T05:33:21+00:00\",\"breadcrumb\":{\"@id\":\"https:\\\/\\\/www.kban-festival-kusel.de\\\/?page_id=184#breadcrumb\"},\"inLanguage\":\"de\",\"potentialAction\":[{\"@type\":\"ReadAction\",\"target\":[\"https:\\\/\\\/www.kban-festival-kusel.de\\\/?page_id=184\"]}]},{\"@type\":\"BreadcrumbList\",\"@id\":\"https:\\\/\\\/www.kban-festival-kusel.de\\\/?page_id=184#breadcrumb\",\"itemListElement\":[{\"@type\":\"ListItem\",\"position\":1,\"name\":\"Startseite\",\"item\":\"https:\\\/\\\/www.kban-festival-kusel.de\\\/\"},{\"@type\":\"ListItem\",\"position\":2,\"name\":\"Datenschutz\"}]},{\"@type\":\"WebSite\",\"@id\":\"https:\\\/\\\/www.kban-festival-kusel.de\\\/#website\",\"url\":\"https:\\\/\\\/www.kban-festival-kusel.de\\\/\",\"name\":\"Kein Bock auf Nazis Festival Kusel\",\"description\":\"Kein Bock auf Nazis Festival Kusel - Gemeinsam gegen rechts\",\"publisher\":{\"@id\":\"https:\\\/\\\/www.kban-festival-kusel.de\\\/#organization\"},\"potentialAction\":[{\"@type\":\"SearchAction\",\"target\":{\"@type\":\"EntryPoint\",\"urlTemplate\":\"https:\\\/\\\/www.kban-festival-kusel.de\\\/?s={search_term_string}\"},\"query-input\":{\"@type\":\"PropertyValueSpecification\",\"valueRequired\":true,\"valueName\":\"search_term_string\"}}],\"inLanguage\":\"de\"},{\"@type\":\"Organization\",\"@id\":\"https:\\\/\\\/www.kban-festival-kusel.de\\\/#organization\",\"name\":\"Kein Bock auf Nazis Festival Kusel\",\"url\":\"https:\\\/\\\/www.kban-festival-kusel.de\\\/\",\"logo\":{\"@type\":\"ImageObject\",\"inLanguage\":\"de\",\"@id\":\"https:\\\/\\\/www.kban-festival-kusel.de\\\/#\\\/schema\\\/logo\\\/image\\\/\",\"url\":\"https:\\\/\\\/www.kban-festival-kusel.de\\\/wp-content\\\/uploads\\\/2023\\\/04\\\/cropped-header.jpg\",\"contentUrl\":\"https:\\\/\\\/www.kban-festival-kusel.de\\\/wp-content\\\/uploads\\\/2023\\\/04\\\/cropped-header.jpg\",\"width\":1000,\"height\":370,\"caption\":\"Kein Bock auf Nazis Festival Kusel\"},\"image\":{\"@id\":\"https:\\\/\\\/www.kban-festival-kusel.de\\\/#\\\/schema\\\/logo\\\/image\\\/\"},\"sameAs\":[\"https:\\\/\\\/www.facebook.com\\\/profile.php?id=100057395113347\"]}]}<\/script>\n<!-- \/ Yoast SEO plugin. -->","yoast_head_json":{"title":"Datenschutz - Kein Bock auf Nazis Festival Kusel","robots":{"index":"index","follow":"follow","max-snippet":"max-snippet:-1","max-image-preview":"max-image-preview:large","max-video-preview":"max-video-preview:-1"},"canonical":"https:\/\/www.kban-festival-kusel.de\/?page_id=184","og_locale":"de_DE","og_type":"article","og_title":"Datenschutz - Kein Bock auf Nazis Festival Kusel","og_description":"Datenschutzerkl\u00e4rung gem\u00e4\u00df der DSGVO 1. Grunds\u00e4tze der Datenverarbeitung personenbezogener Daten Personenbezogene Daten sind alle Informationen, die sich auf eine identifizierte oder identifizierbare nat\u00fcrliche Person beziehen resp. die \u2013 mit zumutbarem Aufwand \u2013 eindeutige R\u00fcckschl\u00fcsse auf eine nat\u00fcrliche Person zulassen. Das &hellip; Weiterlesen &rarr;","og_url":"https:\/\/www.kban-festival-kusel.de\/?page_id=184","og_site_name":"Kein Bock auf Nazis Festival Kusel","article_publisher":"https:\/\/www.facebook.com\/profile.php?id=100057395113347","article_modified_time":"2023-04-19T05:33:21+00:00","twitter_card":"summary_large_image","twitter_misc":{"Gesch\u00e4tzte Lesezeit":"7\u00a0Minuten"},"schema":{"@context":"https:\/\/schema.org","@graph":[{"@type":"WebPage","@id":"https:\/\/www.kban-festival-kusel.de\/?page_id=184","url":"https:\/\/www.kban-festival-kusel.de\/?page_id=184","name":"Datenschutz - Kein Bock auf Nazis Festival Kusel","isPartOf":{"@id":"https:\/\/www.kban-festival-kusel.de\/#website"},"datePublished":"2023-04-19T05:25:49+00:00","dateModified":"2023-04-19T05:33:21+00:00","breadcrumb":{"@id":"https:\/\/www.kban-festival-kusel.de\/?page_id=184#breadcrumb"},"inLanguage":"de","potentialAction":[{"@type":"ReadAction","target":["https:\/\/www.kban-festival-kusel.de\/?page_id=184"]}]},{"@type":"BreadcrumbList","@id":"https:\/\/www.kban-festival-kusel.de\/?page_id=184#breadcrumb","itemListElement":[{"@type":"ListItem","position":1,"name":"Startseite","item":"https:\/\/www.kban-festival-kusel.de\/"},{"@type":"ListItem","position":2,"name":"Datenschutz"}]},{"@type":"WebSite","@id":"https:\/\/www.kban-festival-kusel.de\/#website","url":"https:\/\/www.kban-festival-kusel.de\/","name":"Kein Bock auf Nazis Festival Kusel","description":"Kein Bock auf Nazis Festival Kusel - Gemeinsam gegen rechts","publisher":{"@id":"https:\/\/www.kban-festival-kusel.de\/#organization"},"potentialAction":[{"@type":"SearchAction","target":{"@type":"EntryPoint","urlTemplate":"https:\/\/www.kban-festival-kusel.de\/?s={search_term_string}"},"query-input":{"@type":"PropertyValueSpecification","valueRequired":true,"valueName":"search_term_string"}}],"inLanguage":"de"},{"@type":"Organization","@id":"https:\/\/www.kban-festival-kusel.de\/#organization","name":"Kein Bock auf Nazis Festival Kusel","url":"https:\/\/www.kban-festival-kusel.de\/","logo":{"@type":"ImageObject","inLanguage":"de","@id":"https:\/\/www.kban-festival-kusel.de\/#\/schema\/logo\/image\/","url":"https:\/\/www.kban-festival-kusel.de\/wp-content\/uploads\/2023\/04\/cropped-header.jpg","contentUrl":"https:\/\/www.kban-festival-kusel.de\/wp-content\/uploads\/2023\/04\/cropped-header.jpg","width":1000,"height":370,"caption":"Kein Bock auf Nazis Festival Kusel"},"image":{"@id":"https:\/\/www.kban-festival-kusel.de\/#\/schema\/logo\/image\/"},"sameAs":["https:\/\/www.facebook.com\/profile.php?id=100057395113347"]}]}},"_links":{"self":[{"href":"https:\/\/www.kban-festival-kusel.de\/index.php?rest_route=\/wp\/v2\/pages\/184","targetHints":{"allow":["GET"]}}],"collection":[{"href":"https:\/\/www.kban-festival-kusel.de\/index.php?rest_route=\/wp\/v2\/pages"}],"about":[{"href":"https:\/\/www.kban-festival-kusel.de\/index.php?rest_route=\/wp\/v2\/types\/page"}],"author":[{"embeddable":true,"href":"https:\/\/www.kban-festival-kusel.de\/index.php?rest_route=\/wp\/v2\/users\/1"}],"replies":[{"embeddable":true,"href":"https:\/\/www.kban-festival-kusel.de\/index.php?rest_route=%2Fwp%2Fv2%2Fcomments&post=184"}],"version-history":[{"count":2,"href":"https:\/\/www.kban-festival-kusel.de\/index.php?rest_route=\/wp\/v2\/pages\/184\/revisions"}],"predecessor-version":[{"id":189,"href":"https:\/\/www.kban-festival-kusel.de\/index.php?rest_route=\/wp\/v2\/pages\/184\/revisions\/189"}],"wp:attachment":[{"href":"https:\/\/www.kban-festival-kusel.de\/index.php?rest_route=%2Fwp%2Fv2%2Fmedia&parent=184"}],"curies":[{"name":"wp","href":"https:\/\/api.w.org\/{rel}","templated":true}]}}